{"id":913,"date":"2021-01-24T22:17:48","date_gmt":"2021-01-24T21:17:48","guid":{"rendered":"https:\/\/gesiic-sorbonne.fr\/?page_id=913"},"modified":"2026-01-27T22:03:22","modified_gmt":"2026-01-27T21:03:22","slug":"cout-de-la-formation","status":"publish","type":"page","link":"https:\/\/gesiic-sorbonne.fr\/?page_id=913","title":{"rendered":"CO\u00dbT DE LA FORMATION"},"content":{"rendered":"\n<p>A partir de septembre 2025, de nouvelles maquettes p\u00e9dagogiques s&rsquo;appliquent au master GESIIC <mark style=\"background-color:rgba(0, 0, 0, 0)\" class=\"has-inline-color has-black-color\">: un master 1 GESIIC ouvre en alternance, et pour chacun des 2 parcours de master 2 (Red et Reim) le nombre d&rsquo;heures cro\u00eet.<\/mark><strong><mark style=\"background-color:rgba(0, 0, 0, 0)\" class=\"has-inline-color has-black-color\"><\/mark><mark style=\"background-color:rgba(0, 0, 0, 0)\" class=\"has-inline-color has-vivid-red-color\">Les tarifs ci-dessous correspondent \u00e0 ceux qui s&rsquo;appliqueront \u00e0 partir de la rentr\u00e9e 2025.<\/mark><\/strong><\/p>\n\n\n\n<h3 class=\"wp-block-heading\">POUR LES \u00c9TUDIANTS DE FORMATION INITIALE (PREMI\u00c8RE ET SECONDE ANN\u00c9ES)<\/h3>\n\n\n\n<p>Les frais d&rsquo;inscription correspondent aux frais d&rsquo;inscription en Master \u00e0 l&rsquo;universit\u00e9 d\u00e9termin\u00e9s nationalement (environ 250 euros + frais de s\u00e9curit\u00e9 sociale). L&rsquo;inscription au master GESIIC ne requiert aucun frais suppl\u00e9mentaire.<\/p>\n\n\n\n<p>Pour les \u00e9tudiants qui r\u00e9alisent un contrat de professionnalisation (cf. <a href=\"https:\/\/travail-emploi.gouv.fr\/formation-professionnelle\/formation-en-alternance-10751\/contrat-de-professionnalisation\" target=\"_blank\" rel=\"noreferrer noopener\"><mark style=\"background-color:rgba(0, 0, 0, 0)\" class=\"has-inline-color has-vivid-cyan-blue-color\">conditions<\/mark><\/a>), le tarif pay\u00e9 par l&rsquo;entreprise est de 7 500\u20ac (cf.&nbsp;<u><a href=\"https:\/\/gesiic-sorbonne.fr\/?page_id=650\" target=\"_blank\" rel=\"noreferrer noopener\"><mark style=\"background-color:rgba(0, 0, 0, 0)\" class=\"has-inline-color has-vivid-cyan-blue-color\">l&rsquo;espace entreprises<\/mark><\/a><\/u>&nbsp;pour plus de d\u00e9tails) :<\/p>\n\n\n\n<figure class=\"wp-block-table\"><table><tbody><tr><td><strong>Contrats de professionnalisation<\/strong><\/td><td class=\"has-text-align-center\" data-align=\"center\">M1 GESIIC<\/td><td class=\"has-text-align-center\" data-align=\"center\">M2 GESIIC (RED)<\/td><td class=\"has-text-align-center\" data-align=\"center\">M2 GESIIC (REIM)<\/td><\/tr><tr><td>Tarif pay\u00e9 par l&rsquo;entreprise (ou organisme)<\/td><td class=\"has-text-align-center\" data-align=\"center\">7 500\u20ac<\/td><td class=\"has-text-align-center\" data-align=\"center\">7 500\u20ac<\/td><td class=\"has-text-align-center\" data-align=\"center\">7 500\u20ac<\/td><\/tr><tr><td>Nombre d&rsquo;heures <\/td><td class=\"has-text-align-center\" data-align=\"center\">523.5h<\/td><td class=\"has-text-align-center\" data-align=\"center\">497h<\/td><td class=\"has-text-align-center\" data-align=\"center\">486h<\/td><\/tr><\/tbody><\/table><\/figure>\n\n\n\n<p>Les \u00e9tudiants en contrat de professionnalisation sont exon\u00e9r\u00e9s de tout frais de scolarit\u00e9.<\/p>\n\n\n\n<h3 class=\"wp-block-heading\">POUR LES \u00c9TUDIANTS DE FORMATION CONTINUE (SECONDE ANN\u00c9E)<\/h3>\n\n\n\n<p>Pour l&rsquo;ann\u00e9e 2025\/26, le co\u00fbt de cette formation pour les professionnels se d\u00e9cline ainsi :<\/p>\n\n\n\n<figure class=\"wp-block-table\"><table><tbody><tr><td><strong>Candidats FC<\/strong><\/td><td class=\"has-text-align-center\" data-align=\"center\">GESIIC &#8211; REIM<\/td><td class=\"has-text-align-center\" data-align=\"center\">GESIIC &#8211; RED<\/td><\/tr><tr><td>Professionnels financ\u00e9s (par entreprise, OPCO ou CPF)<\/td><td class=\"has-text-align-center\" data-align=\"center\">8 500\u20ac<\/td><td class=\"has-text-align-center\" data-align=\"center\">8 000\u20ac<\/td><\/tr><tr><td>Dispositif de retour \u00e0 l&#8217;emploi<\/td><td class=\"has-text-align-center\" data-align=\"center\">7 750\u20ac<\/td><td class=\"has-text-align-center\" data-align=\"center\">7 500\u20ac<\/td><\/tr><tr><td>Professionnels auto-financ\u00e9s<\/td><td class=\"has-text-align-center\" data-align=\"center\">7 000\u20ac<\/td><td class=\"has-text-align-center\" data-align=\"center\">7 000\u20ac<\/td><\/tr><tr><td>Demandeurs d\u2019emploi<\/td><td class=\"has-text-align-center\" data-align=\"center\">3 500\u20ac<\/td><td class=\"has-text-align-center\" data-align=\"center\">3 500\u20ac<\/td><\/tr><tr><td>                                                   Nombre d&rsquo;heures :<\/td><td class=\"has-text-align-center\" data-align=\"center\">486h<\/td><td class=\"has-text-align-center\" data-align=\"center\">497h<\/td><\/tr><\/tbody><\/table><\/figure>\n\n\n\n<h3 class=\"wp-block-heading\">FINANCEMENT<\/h3>\n\n\n\n<p>Ce co\u00fbt peut \u00eatre pris en charge dans le cadre du plan de formation,&nbsp; du cong\u00e9 personnel de formation (CPF)&#8230; (<a href=\"https:\/\/www.service-public.fr\/particuliers\/vosdroits\/F10705\" target=\"_blank\" rel=\"noreferrer noopener\">+ d&rsquo;informations<\/a>).<\/p>\n\n\n\n<p><em>Il est difficile de fournir tous les d\u00e9tails relatifs au financement de la formation dans le r\u00e9cent big bang du financement de la formation continue (disparition des OPCA, COPANEF, COPAREF&#8230; cr\u00e9ation des OPCO, CPIR&#8230;).<\/em><\/p>\n\n\n\n<p>Voici toutefois les \u00e9l\u00e9ments qui pourraient vous aider dans votre recherche de financement :<\/p>\n\n\n\n<ul class=\"wp-block-list\">\n<li>Le master GESIIC est inscrit au R\u00e9pertoire National des Certifications Professionnelles. <br>Sa fiche actuelle concerne la mention \u00ab\u00a0Management sectoriel\u00a0\u00bb (<a href=\"https:\/\/www.francecompetences.fr\/recherche\/rncp\/35911\/\" target=\"_blank\" rel=\"noreferrer noopener\"><mark style=\"background-color:rgba(0, 0, 0, 0)\" class=\"has-inline-color has-vivid-cyan-blue-color\">fiche RNCP 35911<\/mark><\/a>).<\/li>\n\n\n\n<li>Du fait de cette inscription au RNCP, une demande de CPF peut \u00eatre d\u00e9pos\u00e9e pour le master GESIIC, quel que soit votre employeur.<br>Code CPF (actuel de la mention Management strat\u00e9gique) :<\/li>\n<\/ul>\n\n\n\n<p>(<em>Cette totale \u00e9ligibilit\u00e9 est r\u00e9cente puisqu&rsquo;il y a peu, la possibilit\u00e9 de demander un financement CPF pour suivre le master GESIIC d\u00e9pendait de la branche de votre employeur)<\/em>.<\/p>\n\n\n\n<ul class=\"wp-block-list\">\n<li>L&rsquo;universit\u00e9&nbsp;<a href=\"https:\/\/formation-continue.pantheonsorbonne.fr\/certification-service-politique-et-demarche-qualite\" target=\"_blank\" rel=\"noreferrer noopener\"><u><mark style=\"background-color:rgba(0, 0, 0, 0)\" class=\"has-inline-color has-vivid-cyan-blue-color\">Paris 1 est r\u00e9f\u00e9renc\u00e9e dans Datadock<\/mark><\/u><\/a>&nbsp;(qui regroupe&nbsp;<a href=\"https:\/\/www.data-dock.fr\/?q=node\/155\" target=\"_blank\" rel=\"noreferrer noopener\"><mark style=\"background-color:rgba(0, 0, 0, 0)\" class=\"has-inline-color has-vivid-cyan-blue-color\">la plupart des organismes financeurs<\/mark><\/a>).<\/li>\n\n\n\n<li>Le master GESIIC est\u00a0enregistr\u00e9 sur Carif-Oref : <a href=\"https:\/\/www.intercariforef.org\/formations\/master-mention-management-strategique-parcours-strategie-de-linvestissement-immobilier-et-de-la-construction-real-estate-development-gesiic-red-2eme-annee\/universite-paris-1-pantheon-sorbonne\/formation-14_AF_0000153549_SE_0001218263.html\" target=\"_blank\" rel=\"noreferrer noopener\"><mark style=\"background-color:rgba(0, 0, 0, 0)\" class=\"has-inline-color has-vivid-cyan-blue-color\">Red<\/mark><\/a> et <mark style=\"background-color:rgba(0, 0, 0, 0)\" class=\"has-inline-color has-vivid-cyan-blue-color\"><a href=\"https:\/\/www.intercariforef.org\/formations\/master-mention-management-strategique-parcours-strategie-de-linvestissement-immobilier-et-de-la-construction-r-e-investment-management-gesiic-reim-2eme-annee\/universite-paris-1-pantheon-sorbonne\/formation-14_AF_0000153546_SE_0001218270.html\" target=\"_blank\" rel=\"noreferrer noopener\">Reim<\/a><\/mark>.<\/li>\n<\/ul>\n\n\n\n<p>Pour toute question relative au financement, n&rsquo;h\u00e9sitez pas \u00e0 contacter notre sp\u00e9cialiste formation continue :<\/p>\n\n\n\n<p>Nolwenn des Courtis<br>Universit\u00e9 Paris 1 &#8211; Bureau A509<br>21 rue Broca &#8211; 75005 Paris<\/p>\n\n\n\n<p>Tel : 01 53 55 27 68 ou Courriel : <a href=\"mailto:FC-M2GESIIC@univ-paris1.fr\" target=\"_blank\" rel=\"noreferrer noopener\"><mark style=\"background-color:rgba(0, 0, 0, 0)\" class=\"has-inline-color has-vivid-cyan-blue-color\">FC-M2GESIIC@univ-paris1.fr<\/mark><\/a><\/p>\n\n\n\n<hr class=\"wp-block-separator has-alpha-channel-opacity\"\/>\n\n\n\n<p>Depuis septembre 2023 , le master 2 GESIIC compte d\u00e9sormais 2 parcours (et donc 2 promotions).<mark style=\"background-color:rgba(0, 0, 0, 0)\" class=\"has-inline-color has-vivid-red-color\"><strong> <\/strong><\/mark>Voir la page <a href=\"https:\/\/gesiic-sorbonne.fr\/?page_id=2997\"><mark style=\"background-color:rgba(0, 0, 0, 0)\" class=\"has-inline-color has-vivid-cyan-blue-color\"><strong>Nouveau M2 GESIIC<\/strong><\/mark><\/a> pour la pr\u00e9sentation de ce changement majeur.<\/p>\n","protected":false},"excerpt":{"rendered":"<p>A partir de septembre 2025, de nouvelles maquettes p\u00e9dagogiques s&rsquo;appliquent au master GESIIC : un master 1 GESIIC ouvre en &hellip; <\/p>\n","protected":false},"author":13,"featured_media":0,"parent":611,"menu_order":0,"comment_status":"closed","ping_status":"closed","template":"","meta":{"_cbd_carousel_blocks":"[]","_monsterinsights_skip_tracking":false,"_monsterinsights_sitenote_active":false,"_monsterinsights_sitenote_note":"","_monsterinsights_sitenote_category":0,"footnotes":""},"class_list":["post-913","page","type-page","status-publish","hentry"],"yoast_head":"<!-- This site is optimized with the Yoast SEO plugin v16.1.1 - https:\/\/yoast.com\/wordpress\/plugins\/seo\/ -->\n<title>CO\u00dbT DE LA FORMATION - Gestion et Strat\u00e9gie de l&#039;Investissement Immobilier et de la Construction<\/title>\n<link rel=\"canonical\" href=\"https:\/\/gesiic-sorbonne.fr\/?page_id=913\" \/>\n<meta property=\"og:locale\" content=\"fr_FR\" \/>\n<meta property=\"og:type\" content=\"article\" \/>\n<meta property=\"og:title\" content=\"CO\u00dbT DE LA FORMATION - Gestion et Strat\u00e9gie de l&#039;Investissement Immobilier et de la Construction\" \/>\n<meta property=\"og:description\" content=\"A partir de septembre 2025, de nouvelles maquettes p\u00e9dagogiques s&rsquo;appliquent au master GESIIC : un master 1 GESIIC ouvre en &hellip;\" \/>\n<meta property=\"og:url\" content=\"https:\/\/gesiic-sorbonne.fr\/?page_id=913\" \/>\n<meta property=\"og:site_name\" content=\"Gestion et Strat\u00e9gie de l&#039;Investissement Immobilier et de la Construction\" \/>\n<meta property=\"article:modified_time\" content=\"2026-01-27T21:03:22+00:00\" \/>\n<meta name=\"twitter:card\" content=\"summary_large_image\" \/>\n<meta name=\"twitter:site\" content=\"@gesiic_sorbonne\" \/>\n<meta name=\"twitter:label1\" content=\"Dur\u00e9e de lecture est.\">\n\t<meta name=\"twitter:data1\" content=\"2 minutes\">\n<script type=\"application\/ld+json\" class=\"yoast-schema-graph\">{\"@context\":\"https:\/\/schema.org\",\"@graph\":[{\"@type\":\"Organization\",\"@id\":\"https:\/\/gesiic-sorbonne.fr\/#organization\",\"name\":\"Master GESIIC de l'universit\\u00e9 Paris I\",\"url\":\"https:\/\/gesiic-sorbonne.fr\/\",\"sameAs\":[\"https:\/\/www.instagram.com\/master2gesiic\/?hl=en\",\"https:\/\/www.linkedin.com\/company\/m2-gesiic\/\",\"https:\/\/twitter.com\/gesiic_sorbonne\"],\"logo\":{\"@type\":\"ImageObject\",\"@id\":\"https:\/\/gesiic-sorbonne.fr\/#logo\",\"inLanguage\":\"fr-FR\",\"url\":\"https:\/\/gesiic-sorbonne.fr\/wp-content\/uploads\/2020\/12\/logo-master-1.png\",\"contentUrl\":\"https:\/\/gesiic-sorbonne.fr\/wp-content\/uploads\/2020\/12\/logo-master-1.png\",\"width\":318,\"height\":226,\"caption\":\"Master GESIIC de l'universit\\u00e9 Paris I\"},\"image\":{\"@id\":\"https:\/\/gesiic-sorbonne.fr\/#logo\"}},{\"@type\":\"WebSite\",\"@id\":\"https:\/\/gesiic-sorbonne.fr\/#website\",\"url\":\"https:\/\/gesiic-sorbonne.fr\/\",\"name\":\"Gestion et Strat\\u00e9gie de l'Investissement Immobilier et de la Construction\",\"description\":\"Nous formons les promoteurs et investisseurs immobiliers de demain qui fa\\u00e7onneront les villes d&#039;apr\\u00e8s-demain\",\"publisher\":{\"@id\":\"https:\/\/gesiic-sorbonne.fr\/#organization\"},\"potentialAction\":[{\"@type\":\"SearchAction\",\"target\":\"https:\/\/gesiic-sorbonne.fr\/?s={search_term_string}\",\"query-input\":\"required name=search_term_string\"}],\"inLanguage\":\"fr-FR\"},{\"@type\":\"WebPage\",\"@id\":\"https:\/\/gesiic-sorbonne.fr\/?page_id=913#webpage\",\"url\":\"https:\/\/gesiic-sorbonne.fr\/?page_id=913\",\"name\":\"CO\\u00dbT DE LA FORMATION - Gestion et Strat\\u00e9gie de l&#039;Investissement Immobilier et de la Construction\",\"isPartOf\":{\"@id\":\"https:\/\/gesiic-sorbonne.fr\/#website\"},\"datePublished\":\"2021-01-24T21:17:48+00:00\",\"dateModified\":\"2026-01-27T21:03:22+00:00\",\"breadcrumb\":{\"@id\":\"https:\/\/gesiic-sorbonne.fr\/?page_id=913#breadcrumb\"},\"inLanguage\":\"fr-FR\",\"potentialAction\":[{\"@type\":\"ReadAction\",\"target\":[\"https:\/\/gesiic-sorbonne.fr\/?page_id=913\"]}]},{\"@type\":\"BreadcrumbList\",\"@id\":\"https:\/\/gesiic-sorbonne.fr\/?page_id=913#breadcrumb\",\"itemListElement\":[{\"@type\":\"ListItem\",\"position\":1,\"item\":{\"@type\":\"WebPage\",\"@id\":\"https:\/\/gesiic-sorbonne.fr\/\",\"url\":\"https:\/\/gesiic-sorbonne.fr\/\",\"name\":\"Accueil\"}},{\"@type\":\"ListItem\",\"position\":2,\"item\":{\"@type\":\"WebPage\",\"@id\":\"https:\/\/gesiic-sorbonne.fr\/?page_id=611\",\"url\":\"https:\/\/gesiic-sorbonne.fr\/?page_id=611\",\"name\":\"PR\\u00c9SENTATION\"}},{\"@type\":\"ListItem\",\"position\":3,\"item\":{\"@type\":\"WebPage\",\"@id\":\"https:\/\/gesiic-sorbonne.fr\/?page_id=913\",\"url\":\"https:\/\/gesiic-sorbonne.fr\/?page_id=913\",\"name\":\"CO\\u00dbT DE LA FORMATION\"}}]}]}<\/script>\n<!-- \/ Yoast SEO plugin. -->","_links":{"self":[{"href":"https:\/\/gesiic-sorbonne.fr\/index.php?rest_route=\/wp\/v2\/pages\/913","targetHints":{"allow":["GET"]}}],"collection":[{"href":"https:\/\/gesiic-sorbonne.fr\/index.php?rest_route=\/wp\/v2\/pages"}],"about":[{"href":"https:\/\/gesiic-sorbonne.fr\/index.php?rest_route=\/wp\/v2\/types\/page"}],"author":[{"embeddable":true,"href":"https:\/\/gesiic-sorbonne.fr\/index.php?rest_route=\/wp\/v2\/users\/13"}],"replies":[{"embeddable":true,"href":"https:\/\/gesiic-sorbonne.fr\/index.php?rest_route=%2Fwp%2Fv2%2Fcomments&post=913"}],"version-history":[{"count":36,"href":"https:\/\/gesiic-sorbonne.fr\/index.php?rest_route=\/wp\/v2\/pages\/913\/revisions"}],"predecessor-version":[{"id":4081,"href":"https:\/\/gesiic-sorbonne.fr\/index.php?rest_route=\/wp\/v2\/pages\/913\/revisions\/4081"}],"up":[{"embeddable":true,"href":"https:\/\/gesiic-sorbonne.fr\/index.php?rest_route=\/wp\/v2\/pages\/611"}],"wp:attachment":[{"href":"https:\/\/gesiic-sorbonne.fr\/index.php?rest_route=%2Fwp%2Fv2%2Fmedia&parent=913"}],"curies":[{"name":"wp","href":"https:\/\/api.w.org\/{rel}","templated":true}]}}