{"id":1454,"date":"2021-01-28T22:08:49","date_gmt":"2021-01-28T21:08:49","guid":{"rendered":"https:\/\/gesiic-sorbonne.fr\/?page_id=1454"},"modified":"2021-01-28T22:08:50","modified_gmt":"2021-01-28T21:08:50","slug":"voyage-brest","status":"publish","type":"page","link":"https:\/\/gesiic-sorbonne.fr\/?page_id=1454","title":{"rendered":"VOYAGE BREST"},"content":{"rendered":"\n<h3 class=\"wp-block-heading\">VOYAGE \u00c0 BREST (SEPTEMBRE 2016)<\/h3>\n\n\n\n<p>Une d\u00e9l\u00e9gation d&rsquo;\u00e9tudiants du master GESIIC a \u00e9t\u00e9 invit\u00e9e par Brest M\u00e9tropole, accueillie par Fran\u00e7ois Cuillandre, maire de Brest.<\/p>\n\n\n\n<p>Pendant ce s\u00e9jour, nous avons \u00e9t\u00e9 guid\u00e9e par Caroline Bouvard, Directrice adjointe du d\u00e9veloppement \u00e9conomique et international.<\/p>\n\n\n\n<figure class=\"wp-block-image\"><img decoding=\"async\" src=\"https:\/\/www.pantheonsorbonne.fr\/fileadmin\/_processed_\/csm_Brest-maire_7c0a52449e.jpg\" alt=\"\" title=\"\"\/><\/figure>\n\n\n\n<figure class=\"wp-block-image\"><img decoding=\"async\" src=\"https:\/\/www.pantheonsorbonne.fr\/fileadmin\/_processed_\/csm_Brest-mairie_b12a0d4b29.jpg\" alt=\"\" title=\"\"\/><\/figure>\n\n\n\n<p>Nous avons pu d\u00e9couvrir sur carte les principaux projets d&rsquo;am\u00e9nagement avec St\u00e9phanie Luneau (Directrice de l&rsquo;am\u00e9nagement) et Aude Talon (Directrice des dynamiques urbaines) puis visiter :<\/p>\n\n\n\n<ul class=\"wp-block-list\"><li>le site des Capucins (avec Gabri\u00e8le Kubler &#8211; Directrice de la Mission Projets et Equipements M\u00e9tropolitains),<\/li><li>Oceanopolis (avec son administrateur, Matthieu Jullien) et Brest Arena (avec son directeur, David Saliou).<\/li><\/ul>\n\n\n\n<figure class=\"wp-block-image\"><img decoding=\"async\" src=\"https:\/\/www.pantheonsorbonne.fr\/fileadmin\/_processed_\/csm_Brest-capucins_1e45fbe25a.jpg\" alt=\"\" title=\"\"\/><\/figure>\n\n\n\n<figure class=\"wp-block-image\"><img decoding=\"async\" src=\"https:\/\/www.pantheonsorbonne.fr\/fileadmin\/_processed_\/csm_Brest-oceanopolis_6c6059b300.jpg\" alt=\"\" title=\"\"\/><\/figure>\n\n\n\n<figure class=\"wp-block-image\"><img decoding=\"async\" src=\"https:\/\/www.pantheonsorbonne.fr\/fileadmin\/_processed_\/csm_Brest-Arenaexterieur_f72c5c1c12.jpg\" alt=\"\" title=\"\"\/><\/figure>\n\n\n\n<figure class=\"wp-block-image\"><img decoding=\"async\" src=\"https:\/\/www.pantheonsorbonne.fr\/fileadmin\/_processed_\/csm_Brest-Arenainterieur_e4ee6ac82a.jpg\" alt=\"\" title=\"\"\/><\/figure>\n\n\n\n<p>&nbsp;En amont de la rentr\u00e9e universitaire, ce voyage a permis d&rsquo;initier des liens pendant ses nombreux moments de convivialit\u00e9 avec les \u00e9tudiants de promotion pr\u00e9c\u00e9dentes.<\/p>\n\n\n\n<figure class=\"wp-block-image\"><img decoding=\"async\" src=\"https:\/\/www.pantheonsorbonne.fr\/fileadmin\/_processed_\/csm_Brest-resto_34ff30ce36.jpg\" alt=\"\" title=\"\"\/><\/figure>\n","protected":false},"excerpt":{"rendered":"<p>VOYAGE \u00c0 BREST (SEPTEMBRE 2016) Une d\u00e9l\u00e9gation d&rsquo;\u00e9tudiants du master GESIIC a \u00e9t\u00e9 invit\u00e9e par Brest M\u00e9tropole, accueillie par Fran\u00e7ois &hellip; <\/p>\n","protected":false},"author":13,"featured_media":0,"parent":0,"menu_order":0,"comment_status":"closed","ping_status":"closed","template":"","meta":{"_cbd_carousel_blocks":"[]","_monsterinsights_skip_tracking":false,"_monsterinsights_sitenote_active":false,"_monsterinsights_sitenote_note":"","_monsterinsights_sitenote_category":0,"footnotes":""},"class_list":["post-1454","page","type-page","status-publish","hentry"],"yoast_head":"<!-- This site is optimized with the Yoast SEO plugin v16.1.1 - https:\/\/yoast.com\/wordpress\/plugins\/seo\/ -->\n<title>VOYAGE BREST - Gestion et Strat\u00e9gie de l&#039;Investissement Immobilier et de la Construction<\/title>\n<link rel=\"canonical\" href=\"https:\/\/gesiic-sorbonne.fr\/?page_id=1454\" \/>\n<meta property=\"og:locale\" content=\"fr_FR\" \/>\n<meta property=\"og:type\" content=\"article\" \/>\n<meta property=\"og:title\" content=\"VOYAGE BREST - Gestion et Strat\u00e9gie de l&#039;Investissement Immobilier et de la Construction\" \/>\n<meta property=\"og:description\" content=\"VOYAGE \u00c0 BREST (SEPTEMBRE 2016) Une d\u00e9l\u00e9gation d&rsquo;\u00e9tudiants du master GESIIC a \u00e9t\u00e9 invit\u00e9e par Brest M\u00e9tropole, accueillie par Fran\u00e7ois &hellip;\" \/>\n<meta property=\"og:url\" content=\"https:\/\/gesiic-sorbonne.fr\/?page_id=1454\" \/>\n<meta property=\"og:site_name\" content=\"Gestion et Strat\u00e9gie de l&#039;Investissement Immobilier et de la Construction\" \/>\n<meta property=\"article:modified_time\" content=\"2021-01-28T21:08:50+00:00\" \/>\n<meta property=\"og:image\" content=\"https:\/\/www.pantheonsorbonne.fr\/fileadmin\/_processed_\/csm_Brest-maire_7c0a52449e.jpg\" \/>\n<meta name=\"twitter:card\" content=\"summary_large_image\" \/>\n<meta name=\"twitter:site\" content=\"@gesiic_sorbonne\" \/>\n<meta name=\"twitter:label1\" content=\"Dur\u00e9e de lecture est.\">\n\t<meta name=\"twitter:data1\" content=\"1 minute\">\n<script type=\"application\/ld+json\" class=\"yoast-schema-graph\">{\"@context\":\"https:\/\/schema.org\",\"@graph\":[{\"@type\":\"Organization\",\"@id\":\"https:\/\/gesiic-sorbonne.fr\/#organization\",\"name\":\"Master GESIIC de l'universit\\u00e9 Paris I\",\"url\":\"https:\/\/gesiic-sorbonne.fr\/\",\"sameAs\":[\"https:\/\/www.instagram.com\/master2gesiic\/?hl=en\",\"https:\/\/www.linkedin.com\/company\/m2-gesiic\/\",\"https:\/\/twitter.com\/gesiic_sorbonne\"],\"logo\":{\"@type\":\"ImageObject\",\"@id\":\"https:\/\/gesiic-sorbonne.fr\/#logo\",\"inLanguage\":\"fr-FR\",\"url\":\"https:\/\/gesiic-sorbonne.fr\/wp-content\/uploads\/2020\/12\/logo-master-1.png\",\"contentUrl\":\"https:\/\/gesiic-sorbonne.fr\/wp-content\/uploads\/2020\/12\/logo-master-1.png\",\"width\":318,\"height\":226,\"caption\":\"Master GESIIC de l'universit\\u00e9 Paris I\"},\"image\":{\"@id\":\"https:\/\/gesiic-sorbonne.fr\/#logo\"}},{\"@type\":\"WebSite\",\"@id\":\"https:\/\/gesiic-sorbonne.fr\/#website\",\"url\":\"https:\/\/gesiic-sorbonne.fr\/\",\"name\":\"Gestion et Strat\\u00e9gie de l'Investissement Immobilier et de la Construction\",\"description\":\"Nous formons les promoteurs et investisseurs immobiliers de demain qui fa\\u00e7onneront les villes d&#039;apr\\u00e8s-demain\",\"publisher\":{\"@id\":\"https:\/\/gesiic-sorbonne.fr\/#organization\"},\"potentialAction\":[{\"@type\":\"SearchAction\",\"target\":\"https:\/\/gesiic-sorbonne.fr\/?s={search_term_string}\",\"query-input\":\"required name=search_term_string\"}],\"inLanguage\":\"fr-FR\"},{\"@type\":\"ImageObject\",\"@id\":\"https:\/\/gesiic-sorbonne.fr\/?page_id=1454#primaryimage\",\"inLanguage\":\"fr-FR\",\"url\":\"https:\/\/www.pantheonsorbonne.fr\/fileadmin\/_processed_\/csm_Brest-maire_7c0a52449e.jpg\",\"contentUrl\":\"https:\/\/www.pantheonsorbonne.fr\/fileadmin\/_processed_\/csm_Brest-maire_7c0a52449e.jpg\"},{\"@type\":\"WebPage\",\"@id\":\"https:\/\/gesiic-sorbonne.fr\/?page_id=1454#webpage\",\"url\":\"https:\/\/gesiic-sorbonne.fr\/?page_id=1454\",\"name\":\"VOYAGE BREST - Gestion et Strat\\u00e9gie de l&#039;Investissement Immobilier et de la Construction\",\"isPartOf\":{\"@id\":\"https:\/\/gesiic-sorbonne.fr\/#website\"},\"primaryImageOfPage\":{\"@id\":\"https:\/\/gesiic-sorbonne.fr\/?page_id=1454#primaryimage\"},\"datePublished\":\"2021-01-28T21:08:49+00:00\",\"dateModified\":\"2021-01-28T21:08:50+00:00\",\"breadcrumb\":{\"@id\":\"https:\/\/gesiic-sorbonne.fr\/?page_id=1454#breadcrumb\"},\"inLanguage\":\"fr-FR\",\"potentialAction\":[{\"@type\":\"ReadAction\",\"target\":[\"https:\/\/gesiic-sorbonne.fr\/?page_id=1454\"]}]},{\"@type\":\"BreadcrumbList\",\"@id\":\"https:\/\/gesiic-sorbonne.fr\/?page_id=1454#breadcrumb\",\"itemListElement\":[{\"@type\":\"ListItem\",\"position\":1,\"item\":{\"@type\":\"WebPage\",\"@id\":\"https:\/\/gesiic-sorbonne.fr\/\",\"url\":\"https:\/\/gesiic-sorbonne.fr\/\",\"name\":\"Accueil\"}},{\"@type\":\"ListItem\",\"position\":2,\"item\":{\"@type\":\"WebPage\",\"@id\":\"https:\/\/gesiic-sorbonne.fr\/?page_id=1454\",\"url\":\"https:\/\/gesiic-sorbonne.fr\/?page_id=1454\",\"name\":\"VOYAGE BREST\"}}]}]}<\/script>\n<!-- \/ Yoast SEO plugin. -->","_links":{"self":[{"href":"https:\/\/gesiic-sorbonne.fr\/index.php?rest_route=\/wp\/v2\/pages\/1454","targetHints":{"allow":["GET"]}}],"collection":[{"href":"https:\/\/gesiic-sorbonne.fr\/index.php?rest_route=\/wp\/v2\/pages"}],"about":[{"href":"https:\/\/gesiic-sorbonne.fr\/index.php?rest_route=\/wp\/v2\/types\/page"}],"author":[{"embeddable":true,"href":"https:\/\/gesiic-sorbonne.fr\/index.php?rest_route=\/wp\/v2\/users\/13"}],"replies":[{"embeddable":true,"href":"https:\/\/gesiic-sorbonne.fr\/index.php?rest_route=%2Fwp%2Fv2%2Fcomments&post=1454"}],"version-history":[{"count":1,"href":"https:\/\/gesiic-sorbonne.fr\/index.php?rest_route=\/wp\/v2\/pages\/1454\/revisions"}],"predecessor-version":[{"id":1456,"href":"https:\/\/gesiic-sorbonne.fr\/index.php?rest_route=\/wp\/v2\/pages\/1454\/revisions\/1456"}],"wp:attachment":[{"href":"https:\/\/gesiic-sorbonne.fr\/index.php?rest_route=%2Fwp%2Fv2%2Fmedia&parent=1454"}],"curies":[{"name":"wp","href":"https:\/\/api.w.org\/{rel}","templated":true}]}}